{"id":303,"date":"2025-03-21T14:57:43","date_gmt":"2025-03-21T17:57:43","guid":{"rendered":"https:\/\/paraguaydeutsche.de\/?page_id=303"},"modified":"2026-03-20T17:38:54","modified_gmt":"2026-03-20T20:38:54","slug":"start","status":"publish","type":"page","link":"https:\/\/paraguaydeutsche.de\/es\/","title":{"rendered":"Veranstaltungen Gemeinschaft der Deutschsprachigen in Paraguay"},"content":{"rendered":"<p>[et_pb_section fb_built=&#8220;1&#8243; _builder_version=&#8220;4.27.3&#8243; _module_preset=&#8220;default&#8220; global_colors_info=&#8220;{}&#8220;][et_pb_row _builder_version=&#8220;4.27.3&#8243; _module_preset=&#8220;default&#8220; global_colors_info=&#8220;{}&#8220;][et_pb_column type=&#8220;4_4&#8243; _builder_version=&#8220;4.27.3&#8243; _module_preset=&#8220;default&#8220; global_colors_info=&#8220;{}&#8220;][et_pb_text _builder_version=&#8220;4.27.4&#8243; _module_preset=&#8220;default&#8220; global_colors_info=&#8220;{}&#8220;]<\/p>\n<h1><span>\ud83d\udcc5 Veranstaltungen<\/span><\/h1>\n<p>[\/et_pb_text][et_pb_text _builder_version=&#8220;4.27.6&#8243; _module_preset=&#8220;default&#8220; text_font_size=&#8220;18px&#8220; hover_enabled=&#8220;0&#8243; global_colors_info=&#8220;{}&#8220; sticky_enabled=&#8220;0&#8243;]<\/p>\n<p><strong>N\u00e4chstes Online-Treffen: <\/strong>Do, 9. April 2026, 20 Uhr dt. Zeit &#8211; Sicherung von Wohnh\u00e4usern, <a href=\"https:\/\/mitglied.paraguaydeutsche.de\/sicherheit-in-paraguay\" target=\"_blank\" rel=\"noopener\">Anmeldung \u00fcber diesen Link<\/a><\/p>\n<p><span><strong>Spontane Treffen in Asunci\u00f3n:<\/strong> <a href=\"https:\/\/t.me\/AsuncionEvents\" target=\"_blank\" rel=\"noopener\">https:\/\/t.me\/AsuncionEvents<\/a><\/span><\/p>\n<p>[\/et_pb_text][et_pb_divider _builder_version=&#8220;4.27.4&#8243; _module_preset=&#8220;default&#8220; global_colors_info=&#8220;{}&#8220;][\/et_pb_divider][et_pb_text _builder_version=&#8220;4.27.5&#8243; _module_preset=&#8220;default&#8220; text_font_size=&#8220;18px&#8220; global_colors_info=&#8220;{}&#8220;]<\/p>\n<p><strong>Vergangene Treffen vor Ort:<\/strong><\/p>\n<p><a href=\"https:\/\/paraguaydeutsche.de\/generalversammlung-2025\/\" target=\"_blank\" rel=\"noopener\"><span>3. Generalversammlung am 4. Oktober in Asunci\u00f3n<\/span><\/a><\/p>\n<p>[\/et_pb_text][et_pb_text _builder_version=&#8220;4.27.4&#8243; _module_preset=&#8220;default&#8220; text_font_size=&#8220;18px&#8220; global_colors_info=&#8220;{}&#8220;]<\/p>\n<p><strong>Vergangene Online-Treffen:<\/strong><\/p>\n<p>Informationen \u00fcber die Generalversammlung, 9. Oktober 2025<\/p>\n<p>Vobereitung der Generalversammlung, 4. September 2025<\/p>\n<p>Heil- und Medizinalpflanzen in Paraguay, 7. August 2025<\/p>\n<p>Themenrunde Erbrecht in Paraguay, Donnerstag, 3. Juli 2025<\/p>\n<p>[\/et_pb_text][et_pb_text _builder_version=&#8220;4.27.4&#8243; _module_preset=&#8220;default&#8220; global_colors_info=&#8220;{}&#8220;]<\/p>\n<h1><span>\ud83d\udcaa Gemeinsam sind wir stark!<\/span><\/h1>\n<p>[\/et_pb_text][et_pb_text _builder_version=&#8220;4.27.4&#8243; _module_preset=&#8220;default&#8220; text_font_size=&#8220;18px&#8220; global_colors_info=&#8220;{}&#8220;]<\/p>\n<p>Wir alle zusammen sind die &#8222;Gemeinschaft der Deutschsprachigen in Paraguay&#8220; &#8211; wobei sich dabei alle \u00d6sterreicher, Schweizer und sonstige Deutschst\u00e4mmige mit eingeschlossen f\u00fchlen d\u00fcrfen. Es geht um Zusammenhalt, Vernetzung und die Wahrung unserer Kultur.<\/p>\n<p>[\/et_pb_text][et_pb_text _builder_version=&#8220;4.27.4&#8243; _module_preset=&#8220;default&#8220; global_colors_info=&#8220;{}&#8220;]<\/p>\n<h1><span>\u260e\ufe0f Nimm Kontakt auf<\/span><\/h1>\n<p>[\/et_pb_text][et_pb_text _builder_version=&#8220;4.27.4&#8243; _module_preset=&#8220;default&#8220; text_font_size=&#8220;18px&#8220; global_colors_info=&#8220;{}&#8220;]Gerne beantworten wir Deine Fragen.<\/p>\n<p>Kontakt: <a href=\"mailto:info@paraguaydeutsche.de\" target=\"_blank\" rel=\"noopener\">info@paraguaydeutsche.de<\/a>[\/et_pb_text][et_pb_text _builder_version=&#8220;4.27.4&#8243; _module_preset=&#8220;default&#8220; global_colors_info=&#8220;{}&#8220;]<\/p>\n<h1>\ud83d\udc65 Das war die Generalversammlung 2025<\/h1>\n<p>[\/et_pb_text][et_pb_text _builder_version=&#8220;4.27.5&#8243; _module_preset=&#8220;default&#8220; text_font_size=&#8220;18px&#8220; global_colors_info=&#8220;{}&#8220;]<\/p>\n<p>Am 4.10.2025 fand im Hotel Excelsior, Asunci\u00f3n die Generalversammlung statt. Der neue Name der Vereinigung ist &#8222;Gemeinschaft der Deutschsprachigen in Paraguay&#8220;.<\/p>\n<p>[\/et_pb_text][et_pb_text _builder_version=&#8220;4.27.4&#8243; _module_preset=&#8220;default&#8220; global_colors_info=&#8220;{}&#8220;]<\/p>\n<h1>Archiv: Generalversammlung 2024<\/h1>\n<p>[\/et_pb_text][et_pb_video src=&#8220;https:\/\/youtu.be\/u3KgazNPVsI&#8220; _builder_version=&#8220;4.27.4&#8243; _module_preset=&#8220;default&#8220; global_colors_info=&#8220;{}&#8220;][\/et_pb_video][et_pb_text _builder_version=&#8220;4.27.4&#8243; _module_preset=&#8220;default&#8220; text_font_size=&#8220;18px&#8220; global_colors_info=&#8220;{}&#8220;]<\/p>\n<p><strong>Unsere Ziele sind:<\/strong><\/p>\n<p>\u2714\ufe0f Paraguay zu einem Ort des Zusammenhalts und der gegenseitigen Unterst\u00fctzung zu machen<br \/>\u2714\ufe0f F\u00f6rderung des Austauschs auf privater und gesch\u00e4ftlicher Ebene<br \/>\u2714\ufe0f Professionelle Betreuung und Organisation f\u00fcr eine nachhaltige Gemeinschaft<br \/>\u2714\ufe0f Aufbau einer Webplattform mit Eventkalender und Wissensdatenbank<\/p>\n<p><strong>Die Highlights des Treffens waren:<\/strong><\/p>\n<p>\ud83d\udca5 ein Gro\u00dfteil der Teilnehmer haben sich schon committed: Mit Eurem Engagement legen wir den Grundstein f\u00fcr eine aktive, starke Gemeinschaft.<br \/>\ud83d\udca5 Technik-Team im Aufbau: Die ersten Schritte f\u00fcr eine Webplattform mit &#8222;gelben Seiten&#8220;, Wissensbereich und Eventkalender sind getan.<br \/>\ud83d\udca5 Andrea und Dominik \u00fcbernehmen die Community-Betreuung: F\u00fcr Fragen, Austausch und Unterst\u00fctzung stehen sie Euch zur Seite.<\/p>\n<p>Vielen Dank an alle, die bereits Teil dieser Vision sind \u2013 und an alle, die sich uns noch anschlie\u00dfen wollen!<\/p>\n<p><a href=\"https:\/\/paraguaydeutsche.de\/mitgliedschaft\/\" target=\"_blank\" rel=\"noopener\" style=\"font-size: 20px;\">Hier Mitglied werden<\/a><\/p>\n<p>[\/et_pb_text][et_pb_image src=&#8220;https:\/\/paraguaydeutsche.de\/wp-content\/uploads\/2024\/11\/generalversammlung_foto_2024.jpg&#8220; title_text=&#8220;generalversammlung_foto_2024&#8243; _builder_version=&#8220;4.27.4&#8243; _module_preset=&#8220;default&#8220; global_colors_info=&#8220;{}&#8220;][\/et_pb_image][et_pb_text _builder_version=&#8220;4.27.5&#8243; _module_preset=&#8220;default&#8220; text_font_size=&#8220;18px&#8220; global_colors_info=&#8220;{}&#8220;]<\/p>\n<p>&nbsp;<\/p>\n<p>Vielen Dank f\u00fcr euer Interesse und aktive Teilnahme an einer gemeinsamen starken Gemeinschaft in Paraguay<\/p>\n<p>euer motiviertes Team der Gemeinschaft der Deutschsprachigen in Paraguay<\/p>\n<p>[\/et_pb_text][\/et_pb_column][\/et_pb_row][\/et_pb_section]<\/p>\n","protected":false},"excerpt":{"rendered":"<p>\ud83d\udcc5 VeranstaltungenN\u00e4chstes Online-Treffen: Do, 9. April 2026, 20 Uhr dt. Zeit &#8211; Sicherung von Wohnh\u00e4usern, Anmeldung \u00fcber diesen Link Spontane Treffen in Asunci\u00f3n: https:\/\/t.me\/AsuncionEventsVergangene Treffen vor Ort: 3. Generalversammlung am 4. Oktober in Asunci\u00f3nVergangene Online-Treffen: Informationen \u00fcber die Generalversammlung, 9. Oktober 2025 Vobereitung der Generalversammlung, 4. September 2025 Heil- und Medizinalpflanzen in Paraguay, 7. August [&hellip;]<\/p>\n","protected":false},"author":1,"featured_media":0,"parent":0,"menu_order":0,"comment_status":"closed","ping_status":"closed","template":"","meta":{"_et_pb_use_builder":"on","_et_pb_old_content":"","_et_gb_content_width":"","footnotes":""},"class_list":["post-303","page","type-page","status-publish","hentry"],"yoast_head":"<!-- This site is optimized with the Yoast SEO plugin v27.3 - https:\/\/yoast.com\/product\/yoast-seo-wordpress\/ -->\n<title>Veranstaltungen Gemeinschaft der Deutschsprachigen in Paraguay - Gemeinschaft der Deutschsprachigen in Paraguay<\/title>\n<meta name=\"robots\" content=\"index, follow, max-snippet:-1, max-image-preview:large, max-video-preview:-1\" \/>\n<link rel=\"canonical\" href=\"https:\/\/paraguaydeutsche.de\/es\/\" \/>\n<meta property=\"og:locale\" content=\"es_ES\" \/>\n<meta property=\"og:type\" content=\"article\" \/>\n<meta property=\"og:title\" content=\"Veranstaltungen Gemeinschaft der Deutschsprachigen in Paraguay - Gemeinschaft der Deutschsprachigen in Paraguay\" \/>\n<meta property=\"og:description\" content=\"\ud83d\udcc5 VeranstaltungenN\u00e4chstes Online-Treffen: Do, 9. April 2026, 20 Uhr dt. Zeit - Sicherung von Wohnh\u00e4usern, Anmeldung \u00fcber diesen Link Spontane Treffen in Asunci\u00f3n: https:\/\/t.me\/AsuncionEventsVergangene Treffen vor Ort: 3. Generalversammlung am 4. Oktober in Asunci\u00f3nVergangene Online-Treffen: Informationen \u00fcber die Generalversammlung, 9. Oktober 2025 Vobereitung der Generalversammlung, 4. September 2025 Heil- und Medizinalpflanzen in Paraguay, 7. August [&hellip;]\" \/>\n<meta property=\"og:url\" content=\"https:\/\/paraguaydeutsche.de\/es\/\" \/>\n<meta property=\"og:site_name\" content=\"Gemeinschaft der Deutschsprachigen in Paraguay\" \/>\n<meta property=\"article:modified_time\" content=\"2026-03-20T20:38:54+00:00\" \/>\n<meta name=\"twitter:card\" content=\"summary_large_image\" \/>\n<meta name=\"twitter:label1\" content=\"Tiempo de lectura\" \/>\n\t<meta name=\"twitter:data1\" content=\"3 minutos\" \/>\n<script type=\"application\/ld+json\" class=\"yoast-schema-graph\">{\"@context\":\"https:\\\/\\\/schema.org\",\"@graph\":[{\"@type\":\"WebPage\",\"@id\":\"https:\\\/\\\/paraguaydeutsche.de\\\/\",\"url\":\"https:\\\/\\\/paraguaydeutsche.de\\\/\",\"name\":\"Veranstaltungen Gemeinschaft der Deutschsprachigen in Paraguay - Gemeinschaft der Deutschsprachigen in Paraguay\",\"isPartOf\":{\"@id\":\"https:\\\/\\\/paraguaydeutsche.de\\\/#website\"},\"datePublished\":\"2025-03-21T17:57:43+00:00\",\"dateModified\":\"2026-03-20T20:38:54+00:00\",\"breadcrumb\":{\"@id\":\"https:\\\/\\\/paraguaydeutsche.de\\\/#breadcrumb\"},\"inLanguage\":\"es\",\"potentialAction\":[{\"@type\":\"ReadAction\",\"target\":[\"https:\\\/\\\/paraguaydeutsche.de\\\/\"]}]},{\"@type\":\"BreadcrumbList\",\"@id\":\"https:\\\/\\\/paraguaydeutsche.de\\\/#breadcrumb\",\"itemListElement\":[{\"@type\":\"ListItem\",\"position\":1,\"name\":\"Startseite\",\"item\":\"https:\\\/\\\/paraguaydeutsche.de\\\/\"},{\"@type\":\"ListItem\",\"position\":2,\"name\":\"Veranstaltungen Gemeinschaft der Deutschsprachigen in Paraguay\"}]},{\"@type\":\"WebSite\",\"@id\":\"https:\\\/\\\/paraguaydeutsche.de\\\/#website\",\"url\":\"https:\\\/\\\/paraguaydeutsche.de\\\/\",\"name\":\"Gemeinschaft der Deutschsprachigen in Paraguay\",\"description\":\"Bewahrung deutscher Kultur, Netzwerken und gemeinsame Aktivit\u00e4ten\",\"potentialAction\":[{\"@type\":\"SearchAction\",\"target\":{\"@type\":\"EntryPoint\",\"urlTemplate\":\"https:\\\/\\\/paraguaydeutsche.de\\\/?s={search_term_string}\"},\"query-input\":{\"@type\":\"PropertyValueSpecification\",\"valueRequired\":true,\"valueName\":\"search_term_string\"}}],\"inLanguage\":\"es\"}]}<\/script>\n<!-- \/ Yoast SEO plugin. -->","yoast_head_json":{"title":"Veranstaltungen Gemeinschaft der Deutschsprachigen in Paraguay - Gemeinschaft der Deutschsprachigen in Paraguay","robots":{"index":"index","follow":"follow","max-snippet":"max-snippet:-1","max-image-preview":"max-image-preview:large","max-video-preview":"max-video-preview:-1"},"canonical":"https:\/\/paraguaydeutsche.de\/es\/","og_locale":"es_ES","og_type":"article","og_title":"Veranstaltungen Gemeinschaft der Deutschsprachigen in Paraguay - Gemeinschaft der Deutschsprachigen in Paraguay","og_description":"\ud83d\udcc5 VeranstaltungenN\u00e4chstes Online-Treffen: Do, 9. April 2026, 20 Uhr dt. Zeit - Sicherung von Wohnh\u00e4usern, Anmeldung \u00fcber diesen Link Spontane Treffen in Asunci\u00f3n: https:\/\/t.me\/AsuncionEventsVergangene Treffen vor Ort: 3. Generalversammlung am 4. Oktober in Asunci\u00f3nVergangene Online-Treffen: Informationen \u00fcber die Generalversammlung, 9. Oktober 2025 Vobereitung der Generalversammlung, 4. September 2025 Heil- und Medizinalpflanzen in Paraguay, 7. August [&hellip;]","og_url":"https:\/\/paraguaydeutsche.de\/es\/","og_site_name":"Gemeinschaft der Deutschsprachigen in Paraguay","article_modified_time":"2026-03-20T20:38:54+00:00","twitter_card":"summary_large_image","twitter_misc":{"Tiempo de lectura":"3 minutos"},"schema":{"@context":"https:\/\/schema.org","@graph":[{"@type":"WebPage","@id":"https:\/\/paraguaydeutsche.de\/","url":"https:\/\/paraguaydeutsche.de\/","name":"Veranstaltungen Gemeinschaft der Deutschsprachigen in Paraguay - Gemeinschaft der Deutschsprachigen in Paraguay","isPartOf":{"@id":"https:\/\/paraguaydeutsche.de\/#website"},"datePublished":"2025-03-21T17:57:43+00:00","dateModified":"2026-03-20T20:38:54+00:00","breadcrumb":{"@id":"https:\/\/paraguaydeutsche.de\/#breadcrumb"},"inLanguage":"es","potentialAction":[{"@type":"ReadAction","target":["https:\/\/paraguaydeutsche.de\/"]}]},{"@type":"BreadcrumbList","@id":"https:\/\/paraguaydeutsche.de\/#breadcrumb","itemListElement":[{"@type":"ListItem","position":1,"name":"Startseite","item":"https:\/\/paraguaydeutsche.de\/"},{"@type":"ListItem","position":2,"name":"Veranstaltungen Gemeinschaft der Deutschsprachigen in Paraguay"}]},{"@type":"WebSite","@id":"https:\/\/paraguaydeutsche.de\/#website","url":"https:\/\/paraguaydeutsche.de\/","name":"Gemeinschaft der Deutschsprachigen in Paraguay","description":"Bewahrung deutscher Kultur, Netzwerken und gemeinsame Aktivit\u00e4ten","potentialAction":[{"@type":"SearchAction","target":{"@type":"EntryPoint","urlTemplate":"https:\/\/paraguaydeutsche.de\/?s={search_term_string}"},"query-input":{"@type":"PropertyValueSpecification","valueRequired":true,"valueName":"search_term_string"}}],"inLanguage":"es"}]}},"_links":{"self":[{"href":"https:\/\/paraguaydeutsche.de\/es\/wp-json\/wp\/v2\/pages\/303","targetHints":{"allow":["GET"]}}],"collection":[{"href":"https:\/\/paraguaydeutsche.de\/es\/wp-json\/wp\/v2\/pages"}],"about":[{"href":"https:\/\/paraguaydeutsche.de\/es\/wp-json\/wp\/v2\/types\/page"}],"author":[{"embeddable":true,"href":"https:\/\/paraguaydeutsche.de\/es\/wp-json\/wp\/v2\/users\/1"}],"replies":[{"embeddable":true,"href":"https:\/\/paraguaydeutsche.de\/es\/wp-json\/wp\/v2\/comments?post=303"}],"version-history":[{"count":9,"href":"https:\/\/paraguaydeutsche.de\/es\/wp-json\/wp\/v2\/pages\/303\/revisions"}],"predecessor-version":[{"id":749,"href":"https:\/\/paraguaydeutsche.de\/es\/wp-json\/wp\/v2\/pages\/303\/revisions\/749"}],"wp:attachment":[{"href":"https:\/\/paraguaydeutsche.de\/es\/wp-json\/wp\/v2\/media?parent=303"}],"curies":[{"name":"wp","href":"https:\/\/api.w.org\/{rel}","templated":true}]}}